{"id":2,"date":"2011-06-20T18:03:45","date_gmt":"2011-06-20T18:03:45","guid":{"rendered":"http:\/\/emmabo.se\/\/?page_id=2"},"modified":"2025-02-13T08:44:12","modified_gmt":"2025-02-13T08:44:12","slug":"about","status":"publish","type":"page","link":"https:\/\/emmabo.se\/?page_id=2","title":{"rendered":"Om"},"content":{"rendered":"<p><a href=\"http:\/\/emmabo.se\/?attachment_id=647\" rel=\"attachment wp-att-647\"><img loading=\"lazy\" class=\"wp-image-647 alignright\" src=\"http:\/\/emmabo.se\/wp-content\/uploads\/2023\/03\/Emmabo-sett-fran-gatan-1024x998.jpg\" alt=\"\" width=\"258\" height=\"222\"><\/a><\/p>\n<p>Emmabo f\u00f6rskola \u00e4r inrymd i en mysig villa i centrala Esl\u00f6v.<\/p>\n<p>Villan \u00e4r omgiven av en stor tr\u00e4dg\u00e5rd som barnen har tillg\u00e5ng till varje dag &#8211; h\u00e4r tillbringas en stor del av dagen f\u00f6r utelek. Sedan 1987 drivs Emmabo p\u00e5 kristen grund med EFS-f\u00f6reningen som Huvudman.<\/p>\n<p>Det unika med EFS-f\u00f6reningen i Esl\u00f6v genom \u00e5ren \u00e4r att det \u00e4r kvinnor som kanske har f\u00e5tt betyda mest, \u00e5tminstone f\u00f6r det inre livet i f\u00f6reningen.<\/p>\n<p><a href=\"http:\/\/emmabo.se\/?attachment_id=690\" rel=\"attachment wp-att-690\"><img loading=\"lazy\" class=\" wp-image-690 alignleft\" src=\"http:\/\/emmabo.se\/wp-content\/uploads\/2023\/03\/Emma-1.jpg\" alt=\"\" width=\"277\" height=\"403\" srcset=\"https:\/\/emmabo.se\/wp-content\/uploads\/2023\/03\/Emma-1.jpg 495w, https:\/\/emmabo.se\/wp-content\/uploads\/2023\/03\/Emma-1-206x300.jpg 206w\" sizes=\"(max-width: 277px) 100vw, 277px\" \/><\/a>Ett exempel \u00e4r&nbsp;Emma J\u00f6nsson som Emmabo \u00e4r d\u00f6pt efter.&nbsp; Hon var l\u00e4rarinna p\u00e5 \u00d6stra skolan och ledare f\u00f6r s\u00f6ndagsskolan i EFS som ibland bestod av 100-150 barn som delades in i fem olika klasser. Tre klasser p\u00e5 l\u00e4ktaren och tv\u00e5 nere i salen. Vid s\u00f6ndagsskolavslutning p\u00e5 f\u00f6rsommaren abonnerade man j\u00e4rnv\u00e4gsvagnar och \u00e5kte iv\u00e4g till n\u00e5gon vacker plats.<\/p>\n<p>\u201dHon var l\u00e5ng och smal och s\u00e5g festlig ut n\u00e4r hon lekte med barnen. M\u00e5nga \u00e4r vi som kommer ih\u00e5g tant Emmas tal \u00e4ven den br\u00e5kigaste unge fick hon att lyssna.\u201d skriver Nora Nordberg.<\/p>\n<p>&nbsp;<\/p>\n<p><a href=\"http:\/\/emmabo.se\/?attachment_id=663\" rel=\"attachment wp-att-663\"><img loading=\"lazy\" class=\"aligncenter size-full wp-image-663\" src=\"http:\/\/emmabo.se\/wp-content\/uploads\/2023\/03\/Fargglada-pennor.jpg\" alt=\"\" width=\"1024\" height=\"768\" srcset=\"https:\/\/emmabo.se\/wp-content\/uploads\/2023\/03\/Fargglada-pennor.jpg 1024w, https:\/\/emmabo.se\/wp-content\/uploads\/2023\/03\/Fargglada-pennor-300x225.jpg 300w, https:\/\/emmabo.se\/wp-content\/uploads\/2023\/03\/Fargglada-pennor-768x576.jpg 768w\" sizes=\"(max-width: 1024px) 100vw, 1024px\" \/><\/a><\/p>\n<p>Emmabos profil utm\u00e4rks av f\u00f6ljande punkter:<\/p>\n<p>1) Kristen grund<\/p>\n<p>2) Trygg l\u00e4randemilj\u00f6<\/p>\n<p>3) Hemlagad mat<\/p>\n<p>4) F\u00f6r\u00e4ldrakontakt<\/p>\n<p>Emmabo F\u00f6rskola drivs som enskild f\u00f6rskola p\u00e5 kristen grund med EFS-f\u00f6reningen (Evangeliska Fosterlandsstiftelsen) som f\u00f6rskolans Huvudman.<br \/>\nUndervisningen p\u00e5 f\u00f6rskolan \u00e4r icke-konfessionell men i \u00f6vrigt kan utbildningen ha konfessionella inslag. Vi \u00e4r noga med att alla konfessionella inslag \u00e4r frivilliga och de som inte vill vara med erbjuds annan likv\u00e4rdig aktivitet.<\/p>\n<p>Att vi \u00e4r en f\u00f6rskola med kristen profil m\u00e4rks genom att kristna ber\u00e4ttelser och kristna s\u00e5nger kompletterar annat material. I v\u00e5r milj\u00f6 har barnen tillg\u00e5ng till visst material med kristen anknytning som ex b\u00f6cker eller en julkrubba. Innan varje m\u00e5ltid erbjuds barnen att vara delaktiga i en andakt d\u00e4r vi ber f\u00f6r maten; &#8220;1,2,3, Tack Gud f\u00f6r att vi har mat att \u00e4ta idag&#8221;.<\/p>\n<p>Du kan l\u00e4sa mer om hur en andakt kan se ut h\u00e4r: <a href=\"http:\/\/emmabo.se\/wp-content\/uploads\/2011\/06\/KONFESSIONELL-INRIKTNING-rev-21.pdf\">KONFESSIONELL INRIKTNING rev -21<\/a><\/p>\n<p>Personalen best\u00e5r av f\u00f6rskoll\u00e4rare och barnsk\u00f6tare som har en kristen livssyn. Alla aktiviteter ovan \u00e4r frivilliga och v\u00e4ljer barnen och f\u00f6r\u00e4ldrarna att inte delta vid dem \u00e4r det helt ok. Den kristna livssynen f\u00f6r oss inneb\u00e4r att vi h\u00e5ller dessa v\u00e4rden:<\/p>\n<p>&#8220;Du \u00e4r \u00e4lskad f\u00f6r den du \u00e4r, inte f\u00f6r det du g\u00f6r&#8221;<\/p>\n<p>&#8220;Du vet v\u00e4l om att du \u00e4r v\u00e4rdefull, att du \u00e4r viktig h\u00e4r och nu, att du \u00e4r \u00e4lskad f\u00f6r din egen skull, f\u00f6r ingen annan \u00e4r som du&#8221;<\/p>\n<p>\u201dAllt vad du vill att andra ska g\u00f6ra f\u00f6r dig det ska du ocks\u00e5 g\u00f6ra f\u00f6r dem\u201d<\/p>\n<p>Sistn\u00e4mnda kallar vi &#8220;Den gyllene regeln&#8221; och den \u00e4r ett viktigt r\u00e4ttesn\u00f6re f\u00f6r oss.<\/p>\n<p>Vi str\u00e4var efter att ge barnen ett allsidigt l\u00e4rande och en trygg f\u00f6rskolevistelse.<\/p>\n<p>&nbsp;<\/p>\n<p>I en lugn milj\u00f6 med m\u00e5nga m\u00f6tesplatser skapar vi utrymme f\u00f6r barnen att utforska sina intressen och f\u00f6rm\u00e5gor.<\/p>\n<p><a href=\"http:\/\/emmabo.se\/?attachment_id=664\" rel=\"attachment wp-att-664\"><img loading=\"lazy\" class=\"aligncenter  wp-image-664\" src=\"http:\/\/emmabo.se\/wp-content\/uploads\/2023\/03\/Innemiljolugn-724x1024.jpg\" alt=\"\" width=\"662\" height=\"856\"><\/a><\/p>\n<p>&nbsp;<\/p>\n<p><a href=\"http:\/\/emmabo.se\/?attachment_id=658\" rel=\"attachment wp-att-658\"><img loading=\"lazy\" class=\"aligncenter  wp-image-658\" src=\"http:\/\/emmabo.se\/wp-content\/uploads\/2023\/03\/lasande-miljo-1024x472.jpg\" alt=\"\" width=\"605\" height=\"268\"><\/a><\/p>\n<p>&nbsp;<\/p>\n<p><a href=\"http:\/\/emmabo.se\/?attachment_id=661\" rel=\"attachment wp-att-661\"><img loading=\"lazy\" class=\"wp-image-661 alignleft\" src=\"http:\/\/emmabo.se\/wp-content\/uploads\/2023\/03\/Innemiljobygg-1024x946.jpg\" alt=\"\" width=\"364\" height=\"283\"><\/a><\/p>\n<p>&nbsp;<\/p>\n<p>I v\u00e5rt arbete utg\u00e5r vi fr\u00e5n barnen, deras intressen och f\u00f6rm\u00e5gor. Det \u00e4r viktigt f\u00f6r oss med l\u00e4rmilj\u00f6er som ger l\u00e4rande&nbsp;under hela dagen och inspirerar barnen att vilja l\u00e4ra sig mer.<br \/>\nL\u00e4rmilj\u00f6n l\u00e5ter vi f\u00f6r\u00e4ndras utifr\u00e5n vad vi ser f\u00f6r behov hos barnen; n\u00e4r behoven \u00e4ndras f\u00f6r\u00e4ndrar vi l\u00e4rmilj\u00f6erna. Vi \u00e4r aktiva medvandrare och visar barnen hur man \u00e4r mot varandra och ute i naturen delar vi med oss av v\u00e5r f\u00f6rtjusning \u00f6ver hur allt \u00e4r underbart skapat!<\/p>\n<p><a href=\"http:\/\/emmabo.se\/?attachment_id=662\" rel=\"attachment wp-att-662\"><img loading=\"lazy\" class=\"wp-image-662 alignright\" src=\"http:\/\/emmabo.se\/wp-content\/uploads\/2023\/03\/Experiment-ljus-724x1024.jpg\" alt=\"\" width=\"187\" height=\"285\"><\/a><\/p>\n<p>&nbsp;<\/p>\n<p>&nbsp;<\/p>\n<p>Tillvaron p\u00e5 Emmabo \u00e4r lik hemmamilj\u00f6n. Barngruppen best\u00e5r av 15 barn som \u00e4r mellan 1-6 \u00e5r gamla. Vi str\u00e4var efter en j\u00e4mn k\u00f6ns- och \u00e5ldersf\u00f6rdelning mellan de b\u00e5da grupperna, men tar <a href=\"http:\/\/emmabo.se\/?attachment_id=660\" rel=\"attachment wp-att-660\"><img loading=\"lazy\" class=\"size-large wp-image-660 alignright\" src=\"http:\/\/emmabo.se\/wp-content\/uploads\/2023\/03\/Pavargard-1024x663.jpg\" alt=\"\" width=\"640\" height=\"414\" srcset=\"https:\/\/emmabo.se\/wp-content\/uploads\/2023\/03\/Pavargard-1024x663.jpg 1024w, https:\/\/emmabo.se\/wp-content\/uploads\/2023\/03\/Pavargard-300x194.jpg 300w, https:\/\/emmabo.se\/wp-content\/uploads\/2023\/03\/Pavargard-768x497.jpg 768w, https:\/\/emmabo.se\/wp-content\/uploads\/2023\/03\/Pavargard-1536x994.jpg 1536w, https:\/\/emmabo.se\/wp-content\/uploads\/2023\/03\/Pavargard-2048x1325.jpg 2048w\" sizes=\"(max-width: 640px) 100vw, 640px\" \/><\/a>\u00e4ven h\u00e4nsyn till hur barngruppen ser ut i stort. Alla barn har under dagen m\u00f6jlighet att leka tillsammans men vi delar ocks\u00e5 upp barnen i grupper f\u00f6r att kunna m\u00f6ta barnens behov av l\u00e4rande.<\/p>\n<p>&nbsp;<\/p>\n<p>&nbsp;<\/p>\n<p>Vi lagar sj\u00e4lva all mat p\u00e5 Emmabo och barnen involveras d\u00e5 det finns tillf\u00e4lle. V\u00e5r vision \u00e4r att ge barnen en bra grund f\u00f6r en bra h\u00e4lsa d\u00e4r vi vill str\u00e4va efter att servera mat som lagas fr\u00e5n grunden av bra r\u00e5varor. Vi vill \u00e4ven vara en sockersn\u00e5l f\u00f6rskola vilket inneb\u00e4r att vi h\u00e5ller nere p\u00e5 sockret. I praktiken inneb\u00e4r det att vi p\u00e5 Emmabo vill \u00e4ta mycket frukt och gr\u00f6nt och h\u00e5lla nere p\u00e5 sockret. Vi tar bort rent socker p\u00e5 gr\u00f6ten\/filen och erbjuder ist\u00e4llet ex sockersn\u00e5l sylt, \u00e4ppelmos eller f\u00e4rska b\u00e4r.<a href=\"http:\/\/emmabo.se\/?attachment_id=659\" rel=\"attachment wp-att-659\"><img loading=\"lazy\" class=\"wp-image-659 alignright\" src=\"http:\/\/emmabo.se\/wp-content\/uploads\/2023\/03\/Utevistelse-1024x856.jpg\" alt=\"\" width=\"510\" height=\"421\"><\/a><\/p>\n<p>Vi \u00e4r ute varje dag och regelbundet g\u00e5r vi<br \/>\npromenad till andra platser i v\u00e5r n\u00e4rhet.<\/p>\n<p>P\u00e5 Emmabo vill vi h\u00e5lla en n\u00e4ra kontakt med f\u00f6r\u00e4ldrarna. Den dagliga kontakten \u00e4r v\u00e4ldigt viktig f\u00f6r oss och vi \u00f6nskar att varje f\u00f6r\u00e4lder och barn f\u00e5r ett personligt mottagande varje morgon samt eftermiddag. Den pedagog f\u00f6r\u00e4ldern m\u00f6ter p\u00e5 morgonen och eftermiddagen kommer att vara\/har varit med barnet under dagen. F\u00f6rutom den dagliga kontakten fungerar \u00e4ven informationskanalen mail och sms d\u00e4r f\u00f6r\u00e4ldrarna har m\u00f6jlighet att kommunicera.<\/p>\n<p>F\u00f6r\u00e4ldrarna bjuds in att f\u00e5 del av de dokumentationer vi g\u00f6r i det digitala verktyget Unikum. H\u00e4r f\u00e5r de del av barnets vistelse och l\u00e4rande p\u00e5 f\u00f6rskolan.<\/p>\n<p>Varje \u00e5r erbjuds f\u00f6r\u00e4ldrarna ett utvecklingssamtal d\u00e4r vi samtalar kring barnets utveckling och f\u00f6r\u00e4ldern f\u00e5r lite extra tid att samtala kring aktuellt l\u00e4ge. Har f\u00f6r\u00e4lder \u00f6nskem\u00e5l om fler samtal h\u00f6rsammar vi det. H\u00e4r l\u00e4mnas alltid en tid \u00f6ppen f\u00f6r det f\u00f6r\u00e4ldern \u00f6nskar ta upp.<\/p>\n<p>Varje \u00e5r inbjuds f\u00f6r\u00e4ldrarna till F\u00f6r\u00e4ldram\u00f6te. H\u00e4r finns m\u00f6jlighet f\u00f6r f\u00f6r\u00e4ldrar att f\u00e5 information och f\u00e5 en inblick i v\u00e5r verksamhet. Ut\u00f6ver detta utses tv\u00e5 F\u00f6r\u00e4ldrarepresentanter som fungerar som en l\u00e4nk fr\u00e5n f\u00f6r\u00e4ldrar till personal. Med dessa h\u00e5lls varje termin ett Forum f\u00f6r Samr\u00e5d d\u00e4r vi diskuterar verksamheten och planerar fram\u00e5t.<\/p>\n<p>Emmabo arbetar efter och \u00e4r med i Esl\u00f6vs kommuns barnomsorgsplan. M\u00e5ls\u00e4ttningarna och de flesta av reglerna \u00e4r h\u00e4r de samma som p\u00e5 kommunala f\u00f6rskolor. Vi f\u00f6ljer \u00e4ven L\u00e4roplanen f\u00f6r f\u00f6rskolan (Lpf\u00f6-18) som \u00e4r utgiven av skolverket\/utbildningsdepartementet.<\/p>\n<p>P\u00e5 Emmabo g\u00e4ller samma avgiftsregler som i kommunen. Varje termin st\u00e4nger Emmabo tv\u00e5 dagar d\u00e5 personalen planerar verksamheten f\u00f6r barnen. Dessa dagar brukar ligga i b\u00f6rjan samt i mitten av terminerna. Som f\u00f6r\u00e4lder har man r\u00e4tt att ha sitt\/sina barn p\u00e5 f\u00f6rskolan under sin arbetstid + restid. Emmabo har \u00f6ppet m\u00e5n-fre 06.30-17.00.<\/p>\n","protected":false},"excerpt":{"rendered":"<p>Emmabo f\u00f6rskola \u00e4r inrymd i en mysig villa i centrala Esl\u00f6v. Villan \u00e4r omgiven av en stor tr\u00e4dg\u00e5rd som barnen har tillg\u00e5ng till varje dag &#8211; h\u00e4r tillbringas en stor del av dagen f\u00f6r utelek. Sedan 1987 drivs Emmabo p\u00e5 &hellip; <a href=\"https:\/\/emmabo.se\/?page_id=2\">Continue reading <span class=\"meta-nav\">&rarr;<\/span><\/a><\/p>\n","protected":false},"author":1,"featured_media":0,"parent":0,"menu_order":1,"comment_status":"closed","ping_status":"closed","template":"","meta":{"ngg_post_thumbnail":0},"_links":{"self":[{"href":"https:\/\/emmabo.se\/index.php?rest_route=\/wp\/v2\/pages\/2"}],"collection":[{"href":"https:\/\/emmabo.se\/index.php?rest_route=\/wp\/v2\/pages"}],"about":[{"href":"https:\/\/emmabo.se\/index.php?rest_route=\/wp\/v2\/types\/page"}],"author":[{"embeddable":true,"href":"https:\/\/emmabo.se\/index.php?rest_route=\/wp\/v2\/users\/1"}],"replies":[{"embeddable":true,"href":"https:\/\/emmabo.se\/index.php?rest_route=%2Fwp%2Fv2%2Fcomments&post=2"}],"version-history":[{"count":36,"href":"https:\/\/emmabo.se\/index.php?rest_route=\/wp\/v2\/pages\/2\/revisions"}],"predecessor-version":[{"id":730,"href":"https:\/\/emmabo.se\/index.php?rest_route=\/wp\/v2\/pages\/2\/revisions\/730"}],"wp:attachment":[{"href":"https:\/\/emmabo.se\/index.php?rest_route=%2Fwp%2Fv2%2Fmedia&parent=2"}],"curies":[{"name":"wp","href":"https:\/\/api.w.org\/{rel}","templated":true}]}}